{"id":5805,"date":"2024-06-20T20:42:19","date_gmt":"2024-06-20T23:42:19","guid":{"rendered":"https:\/\/dsenb.ca\/?post_type=tribe_events&#038;p=5805"},"modified":"2024-06-20T20:42:19","modified_gmt":"2024-06-20T23:42:19","slug":"fete-du-canada-a-memramcook","status":"publish","type":"tribe_events","link":"https:\/\/dsenb.ca\/fr\/event\/fete-du-canada-a-memramcook\/","title":{"rendered":"F\u00eate du Canada \u00e0 Memramcook"},"content":{"rendered":"<p><span class=\"html-span xexx8yu x4uap5 x18d9i69 xkhd6sd x1hl2dhg x16tdsg8 x1vvkbs x3nfvp2 x1j61x8r x1fcty0u xdj266r xat24cr xgzva0m xhhsvwb xxymvpz xlup9mm x1kky2od\"><img decoding=\"async\" class=\"xz74otr lazyload\" data-src=\"https:\/\/static.xx.fbcdn.net\/images\/emoji.php\/v9\/t8\/1\/16\/1f341.png\" alt=\"\ud83c\udf41\" width=\"16\" height=\"16\" src=\"data:image\/svg+xml;base64,PHN2ZyB3aWR0aD0iMSIgaGVpZ2h0PSIxIiB4bWxucz0iaHR0cDovL3d3dy53My5vcmcvMjAwMC9zdmciPjwvc3ZnPg==\" style=\"--smush-placeholder-width: 16px; --smush-placeholder-aspect-ratio: 16\/16;\" \/><\/span>\u00a0Venez c\u00e9l\u00e9brer la F\u00eate du Canada avec nous le lundi 1er juillet au Monument-Lefebvre ! Profitez d'une matin\u00e9e anim\u00e9e avec des jeux gonflables, de la musique avec Tina Gautreau, et bien plus encore ! Restez connect\u00e9s, nous d\u00e9voilerons davantage sur la programmation \u00e0 mesure que la date approche !\u00a0<span class=\"html-span xexx8yu x4uap5 x18d9i69 xkhd6sd x1hl2dhg x16tdsg8 x1vvkbs x3nfvp2 x1j61x8r x1fcty0u xdj266r xat24cr xgzva0m xhhsvwb xxymvpz xlup9mm x1kky2od\"><img decoding=\"async\" class=\"xz74otr lazyload\" data-src=\"https:\/\/static.xx.fbcdn.net\/images\/emoji.php\/v9\/t8c\/1\/16\/1f389.png\" alt=\"\ud83c\udf89\" width=\"16\" height=\"16\" src=\"data:image\/svg+xml;base64,PHN2ZyB3aWR0aD0iMSIgaGVpZ2h0PSIxIiB4bWxucz0iaHR0cDovL3d3dy53My5vcmcvMjAwMC9zdmciPjwvc3ZnPg==\" style=\"--smush-placeholder-width: 16px; --smush-placeholder-aspect-ratio: 16\/16;\" \/><\/span><\/p>\n<hr \/>\n<p><span class=\"html-span xexx8yu x4uap5 x18d9i69 xkhd6sd x1hl2dhg x16tdsg8 x1vvkbs x3nfvp2 x1j61x8r x1fcty0u xdj266r xat24cr xgzva0m xhhsvwb xxymvpz xlup9mm x1kky2od\"><img decoding=\"async\" class=\"xz74otr lazyload\" data-src=\"https:\/\/static.xx.fbcdn.net\/images\/emoji.php\/v9\/t8\/1\/16\/1f341.png\" alt=\"\ud83c\udf41\" width=\"16\" height=\"16\" src=\"data:image\/svg+xml;base64,PHN2ZyB3aWR0aD0iMSIgaGVpZ2h0PSIxIiB4bWxucz0iaHR0cDovL3d3dy53My5vcmcvMjAwMC9zdmciPjwvc3ZnPg==\" style=\"--smush-placeholder-width: 16px; --smush-placeholder-aspect-ratio: 16\/16;\" \/><\/span>\u00a0Venez c\u00e9l\u00e9brer la f\u00eate du Canada avec nous le lundi 1er juillet au Monument-Lefebvre ! Profitez d'une matin\u00e9e anim\u00e9e avec des ch\u00e2teaux gonflables, de la musique avec Tina Gautreau, et bien plus encore ! Restez \u00e0 l'\u00e9coute, nous vous d\u00e9voilerons plus de d\u00e9tails sur le programme \u00e0 l'approche de la date !\u00a0<span class=\"html-span xexx8yu x4uap5 x18d9i69 xkhd6sd x1hl2dhg x16tdsg8 x1vvkbs x3nfvp2 x1j61x8r x1fcty0u xdj266r xat24cr xgzva0m xhhsvwb xxymvpz xlup9mm x1kky2od\"><img decoding=\"async\" class=\"xz74otr lazyload\" data-src=\"https:\/\/static.xx.fbcdn.net\/images\/emoji.php\/v9\/t8c\/1\/16\/1f389.png\" alt=\"\ud83c\udf89\" width=\"16\" height=\"16\" src=\"data:image\/svg+xml;base64,PHN2ZyB3aWR0aD0iMSIgaGVpZ2h0PSIxIiB4bWxucz0iaHR0cDovL3d3dy53My5vcmcvMjAwMC9zdmciPjwvc3ZnPg==\" style=\"--smush-placeholder-width: 16px; --smush-placeholder-aspect-ratio: 16\/16;\" \/><\/span><\/p>","protected":false},"excerpt":{"rendered":"<p>\u00a0Venez c\u00e9l\u00e9brer la F\u00eate du Canada avec nous le lundi 1er juillet au Monument-Lefebvre! Profitez d&#8217;une matin\u00e9e anim\u00e9e avec des jeux gonflables, de la musique avec Tina Gautreau, et bien [&hellip;]<\/p>\n","protected":false},"author":220940507,"featured_media":0,"template":"","meta":{"_tribe_events_status":"","_tribe_events_status_reason":"","_tribe_events_is_hybrid":"","_tribe_events_is_virtual":"","_tribe_events_virtual_video_source":"","_tribe_events_virtual_embed_video":"","_tribe_events_virtual_linked_button_text":"","_tribe_events_virtual_linked_button":"","_tribe_events_virtual_show_embed_at":"","_tribe_events_virtual_show_embed_to":[],"_tribe_events_virtual_show_on_event":"","_tribe_events_virtual_show_on_views":"","_tribe_events_virtual_url":"","footnotes":""},"tags":[],"tribe_events_cat":[1432,1431],"class_list":["post-5805","tribe_events","type-tribe_events","status-publish","hentry","tribe_events_cat-activity","tribe_events_cat-music","cat_activity","cat_music"],"aioseo_notices":[],"aioseo_head":"\n\t\t<!-- All in One SEO 5.0.1.1 - aioseo.com -->\n\t<meta name=\"description\" content=\"Venez c\u00e9l\u00e9brer la F\u00eate du Canada avec nous le lundi 1er juillet au Monument-Lefebvre! Profitez d&#039;une matin\u00e9e anim\u00e9e avec des jeux gonflables, de la musique avec Tina Gautreau, et bien plus encore! Restez connect\u00e9s, nous d\u00e9voilerons davantage sur la programmation \u00e0 mesure que la date approche! Come celebrate Canada Day with us on Monday, July\" \/>\n\t<meta name=\"robots\" content=\"max-image-preview:large\" \/>\n\t<meta name=\"author\" content=\"ginettedoiron\"\/>\n\t<link rel=\"canonical\" href=\"https:\/\/dsenb.ca\/fr\/event\/fete-du-canada-a-memramcook\/\" \/>\n\t<meta name=\"generator\" content=\"All in One SEO (AIOSEO) 5.0.1.1\" \/>\n\t\t<meta property=\"og:locale\" content=\"fr_CA\" \/>\n\t\t<meta property=\"og:site_name\" content=\"Destination Southeast - New Brunswick\" \/>\n\t\t<meta property=\"og:type\" content=\"article\" \/>\n\t\t<meta property=\"og:title\" content=\"F\u00eate du Canada \u00e0 Memramcook - Destination Southeast\" \/>\n\t\t<meta property=\"og:description\" content=\"Venez c\u00e9l\u00e9brer la F\u00eate du Canada avec nous le lundi 1er juillet au Monument-Lefebvre! Profitez d&#039;une matin\u00e9e anim\u00e9e avec des jeux gonflables, de la musique avec Tina Gautreau, et bien plus encore! Restez connect\u00e9s, nous d\u00e9voilerons davantage sur la programmation \u00e0 mesure que la date approche! Come celebrate Canada Day with us on Monday, July\" \/>\n\t\t<meta property=\"og:url\" content=\"https:\/\/dsenb.ca\/fr\/event\/fete-du-canada-a-memramcook\/\" \/>\n\t\t<meta property=\"og:image\" content=\"https:\/\/dsenb.ca\/wp-content\/uploads\/2022\/05\/logo.png\" \/>\n\t\t<meta property=\"og:image:secure_url\" content=\"https:\/\/dsenb.ca\/wp-content\/uploads\/2022\/05\/logo.png\" \/>\n\t\t<meta property=\"og:image:width\" content=\"486\" \/>\n\t\t<meta property=\"og:image:height\" content=\"134\" \/>\n\t\t<meta property=\"article:published_time\" content=\"2024-06-20T23:42:19+00:00\" \/>\n\t\t<meta property=\"article:modified_time\" content=\"2024-06-20T23:42:19+00:00\" \/>\n\t\t<meta name=\"twitter:card\" content=\"summary_large_image\" \/>\n\t\t<meta name=\"twitter:title\" content=\"F\u00eate du Canada \u00e0 Memramcook - Destination Southeast\" \/>\n\t\t<meta name=\"twitter:description\" content=\"Venez c\u00e9l\u00e9brer la F\u00eate du Canada avec nous le lundi 1er juillet au Monument-Lefebvre! Profitez d&#039;une matin\u00e9e anim\u00e9e avec des jeux gonflables, de la musique avec Tina Gautreau, et bien plus encore! Restez connect\u00e9s, nous d\u00e9voilerons davantage sur la programmation \u00e0 mesure que la date approche! Come celebrate Canada Day with us on Monday, July\" \/>\n\t\t<meta name=\"twitter:image\" content=\"https:\/\/dsenb.ca\/wp-content\/uploads\/2022\/05\/logo.png\" \/>\n\t\t<script type=\"application\/ld+json\" class=\"aioseo-schema\">\n\t\t\t{\"@context\":\"https:\\\/\\\/schema.org\",\"@graph\":[{\"@type\":\"BreadcrumbList\",\"@id\":\"https:\\\/\\\/dsenb.ca\\\/fr\\\/event\\\/fete-du-canada-a-memramcook\\\/#breadcrumblist\",\"itemListElement\":[{\"@type\":\"ListItem\",\"@id\":\"https:\\\/\\\/dsenb.ca\\\/fr#listItem\",\"position\":1,\"name\":\"Home\",\"item\":\"https:\\\/\\\/dsenb.ca\\\/fr\",\"nextItem\":{\"@type\":\"ListItem\",\"@id\":\"https:\\\/\\\/dsenb.ca\\\/fr\\\/events\\\/#listItem\",\"name\":\"\\u00c9v\\u00e8nements\"}},{\"@type\":\"ListItem\",\"@id\":\"https:\\\/\\\/dsenb.ca\\\/fr\\\/events\\\/#listItem\",\"position\":2,\"name\":\"\\u00c9v\\u00e8nements\",\"item\":\"https:\\\/\\\/dsenb.ca\\\/fr\\\/events\\\/\",\"nextItem\":{\"@type\":\"ListItem\",\"@id\":\"https:\\\/\\\/dsenb.ca\\\/fr\\\/events\\\/categorie\\\/music\\\/#listItem\",\"name\":\"Music\"},\"previousItem\":{\"@type\":\"ListItem\",\"@id\":\"https:\\\/\\\/dsenb.ca\\\/fr#listItem\",\"name\":\"Home\"}},{\"@type\":\"ListItem\",\"@id\":\"https:\\\/\\\/dsenb.ca\\\/fr\\\/events\\\/categorie\\\/music\\\/#listItem\",\"position\":3,\"name\":\"Music\",\"item\":\"https:\\\/\\\/dsenb.ca\\\/fr\\\/events\\\/categorie\\\/music\\\/\",\"nextItem\":{\"@type\":\"ListItem\",\"@id\":\"https:\\\/\\\/dsenb.ca\\\/fr\\\/event\\\/fete-du-canada-a-memramcook\\\/#listItem\",\"name\":\"F\\u00eate du Canada \\u00e0 Memramcook\"},\"previousItem\":{\"@type\":\"ListItem\",\"@id\":\"https:\\\/\\\/dsenb.ca\\\/fr\\\/events\\\/#listItem\",\"name\":\"\\u00c9v\\u00e8nements\"}},{\"@type\":\"ListItem\",\"@id\":\"https:\\\/\\\/dsenb.ca\\\/fr\\\/event\\\/fete-du-canada-a-memramcook\\\/#listItem\",\"position\":4,\"name\":\"F\\u00eate du Canada \\u00e0 Memramcook\",\"previousItem\":{\"@type\":\"ListItem\",\"@id\":\"https:\\\/\\\/dsenb.ca\\\/fr\\\/events\\\/categorie\\\/music\\\/#listItem\",\"name\":\"Music\"}}]},{\"@type\":\"Organization\",\"@id\":\"https:\\\/\\\/dsenb.ca\\\/fr\\\/#organization\",\"name\":\"Brunswick Destination\",\"description\":\"New Brunswick\",\"url\":\"https:\\\/\\\/dsenb.ca\\\/fr\\\/\",\"logo\":{\"@type\":\"ImageObject\",\"url\":\"https:\\\/\\\/i0.wp.com\\\/dsenb.ca\\\/wp-content\\\/uploads\\\/2022\\\/05\\\/logo.png?fit=486%2C134&ssl=1\",\"@id\":\"https:\\\/\\\/dsenb.ca\\\/fr\\\/event\\\/fete-du-canada-a-memramcook\\\/#organizationLogo\",\"width\":486,\"height\":134},\"image\":{\"@id\":\"https:\\\/\\\/dsenb.ca\\\/fr\\\/event\\\/fete-du-canada-a-memramcook\\\/#organizationLogo\"}},{\"@type\":\"Person\",\"@id\":\"https:\\\/\\\/dsenb.ca\\\/fr\\\/author\\\/ginettedoiron\\\/#author\",\"url\":\"https:\\\/\\\/dsenb.ca\\\/fr\\\/author\\\/ginettedoiron\\\/\",\"name\":\"ginettedoiron\",\"image\":{\"@type\":\"ImageObject\",\"@id\":\"https:\\\/\\\/dsenb.ca\\\/fr\\\/event\\\/fete-du-canada-a-memramcook\\\/#authorImage\",\"url\":\"https:\\\/\\\/secure.gravatar.com\\\/avatar\\\/dcf6d4d93355e98926a2fa534481e69a15f865f5cb0d86bdf9df5b2c2f39fe37?s=96&d=identicon&r=g\",\"width\":96,\"height\":96,\"caption\":\"ginettedoiron\"}},{\"@type\":\"WebPage\",\"@id\":\"https:\\\/\\\/dsenb.ca\\\/fr\\\/event\\\/fete-du-canada-a-memramcook\\\/#webpage\",\"url\":\"https:\\\/\\\/dsenb.ca\\\/fr\\\/event\\\/fete-du-canada-a-memramcook\\\/\",\"name\":\"F\\u00eate du Canada \\u00e0 Memramcook - Destination Southeast\",\"description\":\"Venez c\\u00e9l\\u00e9brer la F\\u00eate du Canada avec nous le lundi 1er juillet au Monument-Lefebvre! Profitez d'une matin\\u00e9e anim\\u00e9e avec des jeux gonflables, de la musique avec Tina Gautreau, et bien plus encore! Restez connect\\u00e9s, nous d\\u00e9voilerons davantage sur la programmation \\u00e0 mesure que la date approche! Come celebrate Canada Day with us on Monday, July\",\"inLanguage\":\"fr-CA\",\"isPartOf\":{\"@id\":\"https:\\\/\\\/dsenb.ca\\\/fr\\\/#website\"},\"breadcrumb\":{\"@id\":\"https:\\\/\\\/dsenb.ca\\\/fr\\\/event\\\/fete-du-canada-a-memramcook\\\/#breadcrumblist\"},\"author\":{\"@id\":\"https:\\\/\\\/dsenb.ca\\\/fr\\\/author\\\/ginettedoiron\\\/#author\"},\"creator\":{\"@id\":\"https:\\\/\\\/dsenb.ca\\\/fr\\\/author\\\/ginettedoiron\\\/#author\"},\"datePublished\":\"2024-06-20T20:42:19-03:00\",\"dateModified\":\"2024-06-20T20:42:19-03:00\"},{\"@type\":\"WebSite\",\"@id\":\"https:\\\/\\\/dsenb.ca\\\/fr\\\/#website\",\"url\":\"https:\\\/\\\/dsenb.ca\\\/fr\\\/\",\"name\":\"Destination Southeast\",\"description\":\"New Brunswick\",\"inLanguage\":\"fr-CA\",\"publisher\":{\"@id\":\"https:\\\/\\\/dsenb.ca\\\/fr\\\/#organization\"}}]}\n\t\t<\/script>\n\t\t<!-- All in One SEO -->\n\n","aioseo_head_json":{"title":"F\u00eate du Canada \u00e0 Memramcook - Destination Southeast","description":"Venez c\u00e9l\u00e9brer la F\u00eate du Canada avec nous le lundi 1er juillet au Monument-Lefebvre! Profitez d'une matin\u00e9e anim\u00e9e avec des jeux gonflables, de la musique avec Tina Gautreau, et bien plus encore! Restez connect\u00e9s, nous d\u00e9voilerons davantage sur la programmation \u00e0 mesure que la date approche! Come celebrate Canada Day with us on Monday, July","canonical_url":"https:\/\/dsenb.ca\/fr\/event\/fete-du-canada-a-memramcook\/","robots":"max-image-preview:large","keywords":"","webmasterTools":{"miscellaneous":""},"schema":{"@context":"https:\/\/schema.org","@graph":[{"@type":"BreadcrumbList","@id":"https:\/\/dsenb.ca\/fr\/event\/fete-du-canada-a-memramcook\/#breadcrumblist","itemListElement":[{"@type":"ListItem","@id":"https:\/\/dsenb.ca\/fr#listItem","position":1,"name":"Home","item":"https:\/\/dsenb.ca\/fr","nextItem":{"@type":"ListItem","@id":"https:\/\/dsenb.ca\/fr\/events\/#listItem","name":"\u00c9v\u00e8nements"}},{"@type":"ListItem","@id":"https:\/\/dsenb.ca\/fr\/events\/#listItem","position":2,"name":"\u00c9v\u00e8nements","item":"https:\/\/dsenb.ca\/fr\/events\/","nextItem":{"@type":"ListItem","@id":"https:\/\/dsenb.ca\/fr\/events\/categorie\/music\/#listItem","name":"Music"},"previousItem":{"@type":"ListItem","@id":"https:\/\/dsenb.ca\/fr#listItem","name":"Home"}},{"@type":"ListItem","@id":"https:\/\/dsenb.ca\/fr\/events\/categorie\/music\/#listItem","position":3,"name":"Music","item":"https:\/\/dsenb.ca\/fr\/events\/categorie\/music\/","nextItem":{"@type":"ListItem","@id":"https:\/\/dsenb.ca\/fr\/event\/fete-du-canada-a-memramcook\/#listItem","name":"F\u00eate du Canada \u00e0 Memramcook"},"previousItem":{"@type":"ListItem","@id":"https:\/\/dsenb.ca\/fr\/events\/#listItem","name":"\u00c9v\u00e8nements"}},{"@type":"ListItem","@id":"https:\/\/dsenb.ca\/fr\/event\/fete-du-canada-a-memramcook\/#listItem","position":4,"name":"F\u00eate du Canada \u00e0 Memramcook","previousItem":{"@type":"ListItem","@id":"https:\/\/dsenb.ca\/fr\/events\/categorie\/music\/#listItem","name":"Music"}}]},{"@type":"Organization","@id":"https:\/\/dsenb.ca\/fr\/#organization","name":"Brunswick Destination","description":"New Brunswick","url":"https:\/\/dsenb.ca\/fr\/","logo":{"@type":"ImageObject","url":"https:\/\/i0.wp.com\/dsenb.ca\/wp-content\/uploads\/2022\/05\/logo.png?fit=486%2C134&ssl=1","@id":"https:\/\/dsenb.ca\/fr\/event\/fete-du-canada-a-memramcook\/#organizationLogo","width":486,"height":134},"image":{"@id":"https:\/\/dsenb.ca\/fr\/event\/fete-du-canada-a-memramcook\/#organizationLogo"}},{"@type":"Person","@id":"https:\/\/dsenb.ca\/fr\/author\/ginettedoiron\/#author","url":"https:\/\/dsenb.ca\/fr\/author\/ginettedoiron\/","name":"ginettedoiron","image":{"@type":"ImageObject","@id":"https:\/\/dsenb.ca\/fr\/event\/fete-du-canada-a-memramcook\/#authorImage","url":"https:\/\/secure.gravatar.com\/avatar\/dcf6d4d93355e98926a2fa534481e69a15f865f5cb0d86bdf9df5b2c2f39fe37?s=96&d=identicon&r=g","width":96,"height":96,"caption":"ginettedoiron"}},{"@type":"WebPage","@id":"https:\/\/dsenb.ca\/fr\/event\/fete-du-canada-a-memramcook\/#webpage","url":"https:\/\/dsenb.ca\/fr\/event\/fete-du-canada-a-memramcook\/","name":"F\u00eate du Canada \u00e0 Memramcook - Destination Southeast","description":"Venez c\u00e9l\u00e9brer la F\u00eate du Canada avec nous le lundi 1er juillet au Monument-Lefebvre! Profitez d'une matin\u00e9e anim\u00e9e avec des jeux gonflables, de la musique avec Tina Gautreau, et bien plus encore! Restez connect\u00e9s, nous d\u00e9voilerons davantage sur la programmation \u00e0 mesure que la date approche! Come celebrate Canada Day with us on Monday, July","inLanguage":"fr-CA","isPartOf":{"@id":"https:\/\/dsenb.ca\/fr\/#website"},"breadcrumb":{"@id":"https:\/\/dsenb.ca\/fr\/event\/fete-du-canada-a-memramcook\/#breadcrumblist"},"author":{"@id":"https:\/\/dsenb.ca\/fr\/author\/ginettedoiron\/#author"},"creator":{"@id":"https:\/\/dsenb.ca\/fr\/author\/ginettedoiron\/#author"},"datePublished":"2024-06-20T20:42:19-03:00","dateModified":"2024-06-20T20:42:19-03:00"},{"@type":"WebSite","@id":"https:\/\/dsenb.ca\/fr\/#website","url":"https:\/\/dsenb.ca\/fr\/","name":"Destination Southeast","description":"New Brunswick","inLanguage":"fr-CA","publisher":{"@id":"https:\/\/dsenb.ca\/fr\/#organization"}}]},"og:locale":"fr_CA","og:site_name":"Destination Southeast - New Brunswick","og:type":"article","og:title":"F\u00eate du Canada \u00e0 Memramcook - Destination Southeast","og:description":"Venez c\u00e9l\u00e9brer la F\u00eate du Canada avec nous le lundi 1er juillet au Monument-Lefebvre! Profitez d'une matin\u00e9e anim\u00e9e avec des jeux gonflables, de la musique avec Tina Gautreau, et bien plus encore! Restez connect\u00e9s, nous d\u00e9voilerons davantage sur la programmation \u00e0 mesure que la date approche! Come celebrate Canada Day with us on Monday, July","og:url":"https:\/\/dsenb.ca\/fr\/event\/fete-du-canada-a-memramcook\/","og:image":"https:\/\/dsenb.ca\/wp-content\/uploads\/2022\/05\/logo.png","og:image:secure_url":"https:\/\/dsenb.ca\/wp-content\/uploads\/2022\/05\/logo.png","og:image:width":486,"og:image:height":134,"article:published_time":"2024-06-20T23:42:19+00:00","article:modified_time":"2024-06-20T23:42:19+00:00","twitter:card":"summary_large_image","twitter:title":"F\u00eate du Canada \u00e0 Memramcook - Destination Southeast","twitter:description":"Venez c\u00e9l\u00e9brer la F\u00eate du Canada avec nous le lundi 1er juillet au Monument-Lefebvre! Profitez d'une matin\u00e9e anim\u00e9e avec des jeux gonflables, de la musique avec Tina Gautreau, et bien plus encore! Restez connect\u00e9s, nous d\u00e9voilerons davantage sur la programmation \u00e0 mesure que la date approche! Come celebrate Canada Day with us on Monday, July","twitter:image":"https:\/\/dsenb.ca\/wp-content\/uploads\/2022\/05\/logo.png"},"aioseo_meta_data":{"post_id":"5805","title":null,"description":null,"keywords":null,"keyphrases":{"focus":{"keyphrase":"","score":0,"analysis":{"keyphraseInTitle":{"score":0,"maxScore":9,"error":1}}},"additional":[]},"primary_term":null,"canonical_url":null,"og_title":null,"og_description":null,"og_object_type":"default","og_image_type":"default","og_image_url":null,"og_image_width":null,"og_image_height":null,"og_image_custom_url":null,"og_image_custom_fields":null,"og_video":"","og_custom_url":null,"og_article_section":null,"og_article_tags":null,"twitter_use_og":false,"twitter_card":"default","twitter_image_type":"default","twitter_image_url":null,"twitter_image_custom_url":null,"twitter_image_custom_fields":null,"twitter_title":null,"twitter_description":null,"schema":{"blockGraphs":[],"customGraphs":[],"default":{"data":{"Article":[],"Course":[],"Dataset":[],"FAQPage":[],"Movie":[],"Person":[],"Product":[],"ProductReview":[],"Car":[],"Recipe":[],"Service":[],"SoftwareApplication":[],"WebPage":[]},"graphName":"WebPage","isEnabled":true},"graphs":[]},"schema_type":"default","schema_type_options":null,"pillar_content":false,"robots_default":true,"robots_noindex":false,"robots_noarchive":false,"robots_nosnippet":false,"robots_nofollow":false,"robots_noimageindex":false,"robots_noodp":false,"robots_notranslate":false,"robots_max_snippet":"-1","robots_max_videopreview":"-1","robots_max_imagepreview":"large","priority":null,"frequency":"default","local_seo":null,"breadcrumb_settings":null,"limit_modified_date":false,"ai":null,"created":"2024-06-20 23:42:20","updated":"2025-06-04 07:20:44","seo_analyzer_scan_date":null,"focus_keyword":null,"additional_keywords":null,"truseo_locale":null},"aioseo_breadcrumb":"<div class=\"aioseo-breadcrumbs\"><span class=\"aioseo-breadcrumb\">\n\t\t\t<a href=\"https:\/\/dsenb.ca\/fr\" title=\"Home\">Home<\/a>\n\t\t<\/span><span class=\"aioseo-breadcrumb-separator\">&raquo;<\/span><span class=\"aioseo-breadcrumb\">\n\t\t\t<a href=\"https:\/\/dsenb.ca\/fr\/events\/\" title=\"\u00c9v\u00e8nements\">\u00c9v\u00e8nements<\/a>\n\t\t<\/span><span class=\"aioseo-breadcrumb-separator\">&raquo;<\/span><span class=\"aioseo-breadcrumb\">\n\t\t\t<a href=\"https:\/\/dsenb.ca\/fr\/events\/categorie\/music\/\" title=\"Music\">Music<\/a>\n\t\t<\/span><span class=\"aioseo-breadcrumb-separator\">&raquo;<\/span><span class=\"aioseo-breadcrumb\">\n\t\t\tF\u00eate du Canada \u00e0 Memramcook\n\t\t<\/span><\/div>","aioseo_breadcrumb_json":[{"label":"Home","link":"https:\/\/dsenb.ca\/fr"},{"label":"\u00c9v\u00e8nements","link":"https:\/\/dsenb.ca\/fr\/events\/"},{"label":"Music","link":"https:\/\/dsenb.ca\/fr\/events\/categorie\/music\/"},{"label":"F\u00eate du Canada \u00e0 Memramcook","link":"https:\/\/dsenb.ca\/fr\/event\/fete-du-canada-a-memramcook\/"}],"jetpack_likes_enabled":true,"jetpack_sharing_enabled":true,"acf":[],"_links":{"self":[{"href":"https:\/\/dsenb.ca\/fr\/wp-json\/wp\/v2\/tribe_events\/5805","targetHints":{"allow":["GET"]}}],"collection":[{"href":"https:\/\/dsenb.ca\/fr\/wp-json\/wp\/v2\/tribe_events"}],"about":[{"href":"https:\/\/dsenb.ca\/fr\/wp-json\/wp\/v2\/types\/tribe_events"}],"author":[{"embeddable":true,"href":"https:\/\/dsenb.ca\/fr\/wp-json\/wp\/v2\/users\/220940507"}],"version-history":[{"count":2,"href":"https:\/\/dsenb.ca\/fr\/wp-json\/wp\/v2\/tribe_events\/5805\/revisions"}],"predecessor-version":[{"id":5807,"href":"https:\/\/dsenb.ca\/fr\/wp-json\/wp\/v2\/tribe_events\/5805\/revisions\/5807"}],"wp:attachment":[{"href":"https:\/\/dsenb.ca\/fr\/wp-json\/wp\/v2\/media?parent=5805"}],"wp:term":[{"taxonomy":"post_tag","embeddable":true,"href":"https:\/\/dsenb.ca\/fr\/wp-json\/wp\/v2\/tags?post=5805"},{"taxonomy":"tribe_events_cat","embeddable":true,"href":"https:\/\/dsenb.ca\/fr\/wp-json\/wp\/v2\/tribe_events_cat?post=5805"}],"curies":[{"name":"wp","href":"https:\/\/api.w.org\/{rel}","templated":true}]}}